{"id":4946,"date":"2018-05-11T17:09:28","date_gmt":"2018-05-11T17:09:28","guid":{"rendered":"https:\/\/norbec.com\/?post_type=components&#038;p=4946"},"modified":"2020-09-28T11:39:26","modified_gmt":"2020-09-28T15:39:26","slug":"refrigeration-compresseurs","status":"publish","type":"components","link":"https:\/\/norbec.com\/fr\/components\/refrigeration-compresseurs\/","title":{"rendered":"R\u00e9frig\u00e9ration et compresseurs"},"content":{"rendered":"<h2>Norbec vous offre une gamme vari\u00e9e et compl\u00e8te de syst\u00e8me de r\u00e9frig\u00e9ration pour r\u00e9pondre \u00e0 tous les besoins pour tous types d\u2019environnement.<\/h2>\n<p><span>Les unit\u00e9s conventionnelles de Norbec inclues le syst\u00e8me Intelliref V2 avec un contr\u00f4le \u00e9lectronique de la temp\u00e9rature d\u2019op\u00e9ration et du cycle de d\u00e9givrage.\u00a0<\/span><\/p>\n<p>Nos types de r\u00e9frig\u00e9ration :<\/p>\n<ul>\n<li>Unit\u00e9 monobloc Pro3<\/li>\n<li>(Remote conventional systems)<\/li>\n<li>Refroidi \u00e0 l&rsquo;air<\/li>\n<li>Refroidi \u00e0 l&rsquo;eau<\/li>\n<li>Condensateur ext\u00e9rieur<\/li>\n<li>\u00c9vaporateur<\/li>\n<\/ul>\n<h3><span>Norbec vous accompagne dans la r\u00e9alisation de vos projets en offrant une solution cl\u00e9 en main afin d\u2019\u00e9conomiser du temps et minimiser les co\u00fbts.<\/span><\/h3>\n","protected":false},"excerpt":{"rendered":"<p>Norbec vous offre une gamme vari\u00e9e et compl\u00e8te de syst\u00e8me de r\u00e9frig\u00e9ration pour r\u00e9pondre \u00e0 tous les besoins pour tous types d\u2019environnement. Les unit\u00e9s conventionnelles de Norbec inclues le syst\u00e8me [&hellip;]<\/p>\n","protected":false},"author":1,"featured_media":13825,"menu_order":0,"comment_status":"open","ping_status":"open","template":"","format":"standard","meta":{"_acf_changed":false,"content-type":"","_monsterinsights_skip_tracking":false,"_monsterinsights_sitenote_active":false,"_monsterinsights_sitenote_note":"","_monsterinsights_sitenote_category":0,"footnotes":""},"components_types":[393,394],"class_list":["post-4946","components","type-components","status-publish","format-standard","has-post-thumbnail","hentry","components_types-service-alimentaire","components_types-supermarches-et-depanneurs"],"acf":[],"yoast_head":"<!-- This site is optimized with the Yoast SEO plugin v24.8.1 - https:\/\/yoast.com\/wordpress\/plugins\/seo\/ -->\n<title>R\u00e9frig\u00e9ration et compresseurs - Norbec<\/title>\n<meta name=\"description\" content=\"Norbec vous offre une gamme vari\u00e9e et compl\u00e8te de syst\u00e8me de r\u00e9frig\u00e9ration pour r\u00e9pondre \u00e0 tous les besoins pour tous types d\u2019environnement. Les unit\u00e9s conventionnelles de Norbec inclues le syst\u00e8me Intelliref avec un contr\u00f4le \u00e9lectronique de la temp\u00e9rature d\u2019op\u00e9ration et du cycle de d\u00e9givrage.\" \/>\n<meta name=\"robots\" content=\"index, follow, max-snippet:-1, max-image-preview:large, max-video-preview:-1\" \/>\n<link rel=\"canonical\" href=\"https:\/\/norbec.com\/fr\/components\/refrigeration-compresseurs\/\" \/>\n<meta property=\"og:locale\" content=\"fr_FR\" \/>\n<meta property=\"og:type\" content=\"article\" \/>\n<meta property=\"og:title\" content=\"R\u00e9frig\u00e9ration et compresseurs - Norbec\" \/>\n<meta property=\"og:description\" content=\"Norbec vous offre une gamme vari\u00e9e et compl\u00e8te de syst\u00e8me de r\u00e9frig\u00e9ration pour r\u00e9pondre \u00e0 tous les besoins pour tous types d\u2019environnement. Les unit\u00e9s conventionnelles de Norbec inclues le syst\u00e8me Intelliref avec un contr\u00f4le \u00e9lectronique de la temp\u00e9rature d\u2019op\u00e9ration et du cycle de d\u00e9givrage.\" \/>\n<meta property=\"og:url\" content=\"https:\/\/norbec.com\/fr\/components\/refrigeration-compresseurs\/\" \/>\n<meta property=\"og:site_name\" content=\"Norbec\" \/>\n<meta property=\"article:modified_time\" content=\"2020-09-28T15:39:26+00:00\" \/>\n<meta property=\"og:image\" content=\"https:\/\/norbec.com\/wp-content\/uploads\/2020\/09\/norbec-ventilation.jpg\" \/>\n\t<meta property=\"og:image:width\" content=\"1920\" \/>\n\t<meta property=\"og:image:height\" content=\"800\" \/>\n\t<meta property=\"og:image:type\" content=\"image\/jpeg\" \/>\n<meta name=\"twitter:card\" content=\"summary_large_image\" \/>\n<meta name=\"twitter:label1\" content=\"Dur\u00e9e de lecture estim\u00e9e\" \/>\n\t<meta name=\"twitter:data1\" content=\"1 minute\" \/>\n<script type=\"application\/ld+json\" class=\"yoast-schema-graph\">{\"@context\":\"https:\/\/schema.org\",\"@graph\":[{\"@type\":\"WebPage\",\"@id\":\"https:\/\/norbec.com\/fr\/components\/refrigeration-compresseurs\/\",\"url\":\"https:\/\/norbec.com\/fr\/components\/refrigeration-compresseurs\/\",\"name\":\"R\u00e9frig\u00e9ration et compresseurs - Norbec\",\"isPartOf\":{\"@id\":\"https:\/\/norbec.com\/#website\"},\"primaryImageOfPage\":{\"@id\":\"https:\/\/norbec.com\/fr\/components\/refrigeration-compresseurs\/#primaryimage\"},\"image\":{\"@id\":\"https:\/\/norbec.com\/fr\/components\/refrigeration-compresseurs\/#primaryimage\"},\"thumbnailUrl\":\"https:\/\/norbec.com\/wp-content\/uploads\/2020\/09\/norbec-ventilation.jpg\",\"datePublished\":\"2018-05-11T17:09:28+00:00\",\"dateModified\":\"2020-09-28T15:39:26+00:00\",\"description\":\"Norbec vous offre une gamme vari\u00e9e et compl\u00e8te de syst\u00e8me de r\u00e9frig\u00e9ration pour r\u00e9pondre \u00e0 tous les besoins pour tous types d\u2019environnement. Les unit\u00e9s conventionnelles de Norbec inclues le syst\u00e8me Intelliref avec un contr\u00f4le \u00e9lectronique de la temp\u00e9rature d\u2019op\u00e9ration et du cycle de d\u00e9givrage.\",\"breadcrumb\":{\"@id\":\"https:\/\/norbec.com\/fr\/components\/refrigeration-compresseurs\/#breadcrumb\"},\"inLanguage\":\"fr-FR\",\"potentialAction\":[{\"@type\":\"ReadAction\",\"target\":[\"https:\/\/norbec.com\/fr\/components\/refrigeration-compresseurs\/\"]}]},{\"@type\":\"ImageObject\",\"inLanguage\":\"fr-FR\",\"@id\":\"https:\/\/norbec.com\/fr\/components\/refrigeration-compresseurs\/#primaryimage\",\"url\":\"https:\/\/norbec.com\/wp-content\/uploads\/2020\/09\/norbec-ventilation.jpg\",\"contentUrl\":\"https:\/\/norbec.com\/wp-content\/uploads\/2020\/09\/norbec-ventilation.jpg\",\"width\":1920,\"height\":800},{\"@type\":\"BreadcrumbList\",\"@id\":\"https:\/\/norbec.com\/fr\/components\/refrigeration-compresseurs\/#breadcrumb\",\"itemListElement\":[{\"@type\":\"ListItem\",\"position\":1,\"name\":\"Home\",\"item\":\"https:\/\/norbec.com\/fr\/\"},{\"@type\":\"ListItem\",\"position\":2,\"name\":\"R\u00e9frig\u00e9ration et compresseurs\"}]},{\"@type\":\"WebSite\",\"@id\":\"https:\/\/norbec.com\/#website\",\"url\":\"https:\/\/norbec.com\/\",\"name\":\"Norbec\",\"description\":\"Norbec\",\"publisher\":{\"@id\":\"https:\/\/norbec.com\/#organization\"},\"potentialAction\":[{\"@type\":\"SearchAction\",\"target\":{\"@type\":\"EntryPoint\",\"urlTemplate\":\"https:\/\/norbec.com\/?s={search_term_string}\"},\"query-input\":{\"@type\":\"PropertyValueSpecification\",\"valueRequired\":true,\"valueName\":\"search_term_string\"}}],\"inLanguage\":\"fr-FR\"},{\"@type\":\"Organization\",\"@id\":\"https:\/\/norbec.com\/#organization\",\"name\":\"Norbec\",\"url\":\"https:\/\/norbec.com\/\",\"logo\":{\"@type\":\"ImageObject\",\"inLanguage\":\"fr-FR\",\"@id\":\"https:\/\/norbec.com\/#\/schema\/logo\/image\/\",\"url\":\"https:\/\/norbec.com\/wp-content\/uploads\/2018\/03\/logo-norbec.png\",\"contentUrl\":\"https:\/\/norbec.com\/wp-content\/uploads\/2018\/03\/logo-norbec.png\",\"width\":300,\"height\":65,\"caption\":\"Norbec\"},\"image\":{\"@id\":\"https:\/\/norbec.com\/#\/schema\/logo\/image\/\"}}]}<\/script>\n<!-- \/ Yoast SEO plugin. -->","yoast_head_json":{"title":"R\u00e9frig\u00e9ration et compresseurs - Norbec","description":"Norbec vous offre une gamme vari\u00e9e et compl\u00e8te de syst\u00e8me de r\u00e9frig\u00e9ration pour r\u00e9pondre \u00e0 tous les besoins pour tous types d\u2019environnement. Les unit\u00e9s conventionnelles de Norbec inclues le syst\u00e8me Intelliref avec un contr\u00f4le \u00e9lectronique de la temp\u00e9rature d\u2019op\u00e9ration et du cycle de d\u00e9givrage.","robots":{"index":"index","follow":"follow","max-snippet":"max-snippet:-1","max-image-preview":"max-image-preview:large","max-video-preview":"max-video-preview:-1"},"canonical":"https:\/\/norbec.com\/fr\/components\/refrigeration-compresseurs\/","og_locale":"fr_FR","og_type":"article","og_title":"R\u00e9frig\u00e9ration et compresseurs - Norbec","og_description":"Norbec vous offre une gamme vari\u00e9e et compl\u00e8te de syst\u00e8me de r\u00e9frig\u00e9ration pour r\u00e9pondre \u00e0 tous les besoins pour tous types d\u2019environnement. Les unit\u00e9s conventionnelles de Norbec inclues le syst\u00e8me Intelliref avec un contr\u00f4le \u00e9lectronique de la temp\u00e9rature d\u2019op\u00e9ration et du cycle de d\u00e9givrage.","og_url":"https:\/\/norbec.com\/fr\/components\/refrigeration-compresseurs\/","og_site_name":"Norbec","article_modified_time":"2020-09-28T15:39:26+00:00","og_image":[{"width":1920,"height":800,"url":"https:\/\/norbec.com\/wp-content\/uploads\/2020\/09\/norbec-ventilation.jpg","type":"image\/jpeg"}],"twitter_card":"summary_large_image","twitter_misc":{"Dur\u00e9e de lecture estim\u00e9e":"1 minute"},"schema":{"@context":"https:\/\/schema.org","@graph":[{"@type":"WebPage","@id":"https:\/\/norbec.com\/fr\/components\/refrigeration-compresseurs\/","url":"https:\/\/norbec.com\/fr\/components\/refrigeration-compresseurs\/","name":"R\u00e9frig\u00e9ration et compresseurs - Norbec","isPartOf":{"@id":"https:\/\/norbec.com\/#website"},"primaryImageOfPage":{"@id":"https:\/\/norbec.com\/fr\/components\/refrigeration-compresseurs\/#primaryimage"},"image":{"@id":"https:\/\/norbec.com\/fr\/components\/refrigeration-compresseurs\/#primaryimage"},"thumbnailUrl":"https:\/\/norbec.com\/wp-content\/uploads\/2020\/09\/norbec-ventilation.jpg","datePublished":"2018-05-11T17:09:28+00:00","dateModified":"2020-09-28T15:39:26+00:00","description":"Norbec vous offre une gamme vari\u00e9e et compl\u00e8te de syst\u00e8me de r\u00e9frig\u00e9ration pour r\u00e9pondre \u00e0 tous les besoins pour tous types d\u2019environnement. Les unit\u00e9s conventionnelles de Norbec inclues le syst\u00e8me Intelliref avec un contr\u00f4le \u00e9lectronique de la temp\u00e9rature d\u2019op\u00e9ration et du cycle de d\u00e9givrage.","breadcrumb":{"@id":"https:\/\/norbec.com\/fr\/components\/refrigeration-compresseurs\/#breadcrumb"},"inLanguage":"fr-FR","potentialAction":[{"@type":"ReadAction","target":["https:\/\/norbec.com\/fr\/components\/refrigeration-compresseurs\/"]}]},{"@type":"ImageObject","inLanguage":"fr-FR","@id":"https:\/\/norbec.com\/fr\/components\/refrigeration-compresseurs\/#primaryimage","url":"https:\/\/norbec.com\/wp-content\/uploads\/2020\/09\/norbec-ventilation.jpg","contentUrl":"https:\/\/norbec.com\/wp-content\/uploads\/2020\/09\/norbec-ventilation.jpg","width":1920,"height":800},{"@type":"BreadcrumbList","@id":"https:\/\/norbec.com\/fr\/components\/refrigeration-compresseurs\/#breadcrumb","itemListElement":[{"@type":"ListItem","position":1,"name":"Home","item":"https:\/\/norbec.com\/fr\/"},{"@type":"ListItem","position":2,"name":"R\u00e9frig\u00e9ration et compresseurs"}]},{"@type":"WebSite","@id":"https:\/\/norbec.com\/#website","url":"https:\/\/norbec.com\/","name":"Norbec","description":"Norbec","publisher":{"@id":"https:\/\/norbec.com\/#organization"},"potentialAction":[{"@type":"SearchAction","target":{"@type":"EntryPoint","urlTemplate":"https:\/\/norbec.com\/?s={search_term_string}"},"query-input":{"@type":"PropertyValueSpecification","valueRequired":true,"valueName":"search_term_string"}}],"inLanguage":"fr-FR"},{"@type":"Organization","@id":"https:\/\/norbec.com\/#organization","name":"Norbec","url":"https:\/\/norbec.com\/","logo":{"@type":"ImageObject","inLanguage":"fr-FR","@id":"https:\/\/norbec.com\/#\/schema\/logo\/image\/","url":"https:\/\/norbec.com\/wp-content\/uploads\/2018\/03\/logo-norbec.png","contentUrl":"https:\/\/norbec.com\/wp-content\/uploads\/2018\/03\/logo-norbec.png","width":300,"height":65,"caption":"Norbec"},"image":{"@id":"https:\/\/norbec.com\/#\/schema\/logo\/image\/"}}]}},"_links":{"self":[{"href":"https:\/\/norbec.com\/fr\/wp-json\/wp\/v2\/components\/4946","targetHints":{"allow":["GET"]}}],"collection":[{"href":"https:\/\/norbec.com\/fr\/wp-json\/wp\/v2\/components"}],"about":[{"href":"https:\/\/norbec.com\/fr\/wp-json\/wp\/v2\/types\/components"}],"author":[{"embeddable":true,"href":"https:\/\/norbec.com\/fr\/wp-json\/wp\/v2\/users\/1"}],"replies":[{"embeddable":true,"href":"https:\/\/norbec.com\/fr\/wp-json\/wp\/v2\/comments?post=4946"}],"version-history":[{"count":5,"href":"https:\/\/norbec.com\/fr\/wp-json\/wp\/v2\/components\/4946\/revisions"}],"predecessor-version":[{"id":14284,"href":"https:\/\/norbec.com\/fr\/wp-json\/wp\/v2\/components\/4946\/revisions\/14284"}],"wp:featuredmedia":[{"embeddable":true,"href":"https:\/\/norbec.com\/fr\/wp-json\/wp\/v2\/media\/13825"}],"wp:attachment":[{"href":"https:\/\/norbec.com\/fr\/wp-json\/wp\/v2\/media?parent=4946"}],"wp:term":[{"taxonomy":"components_types","embeddable":true,"href":"https:\/\/norbec.com\/fr\/wp-json\/wp\/v2\/components_types?post=4946"}],"curies":[{"name":"wp","href":"https:\/\/api.w.org\/{rel}","templated":true}]}}