{"id":21867,"date":"2023-10-20T15:31:04","date_gmt":"2023-10-20T19:31:04","guid":{"rendered":"https:\/\/norbec.com\/?page_id=21867"},"modified":"2023-10-20T16:04:02","modified_gmt":"2023-10-20T20:04:02","slug":"reserve-ta-place-contech-2023","status":"publish","type":"page","link":"https:\/\/norbec.com\/fr\/reserve-ta-place-contech-2023\/","title":{"rendered":"Norbec sera \u00e0 l\u2019expo Contech B\u00e2timent 2023"},"content":{"rendered":"\n<p><strong>Ne tardez pas, r\u00e9servez aupr\u00e8s d\u2019un membre de notre \u00e9quipe :<\/strong><\/p>\n\n\n\n\n<div class=\"wpcf7 no-js\" id=\"wpcf7-f21889-o1\" lang=\"en-US\" dir=\"ltr\" data-wpcf7-id=\"21889\">\n<div class=\"screen-reader-response\"><p role=\"status\" aria-live=\"polite\" aria-atomic=\"true\"><\/p> <ul><\/ul><\/div>\n<form action=\"\/fr\/wp-json\/wp\/v2\/pages\/21867#wpcf7-f21889-o1\" method=\"post\" class=\"wpcf7-form init\" aria-label=\"Contact form\" novalidate=\"novalidate\" data-status=\"init\">\n<div style=\"display: none;\">\n<input type=\"hidden\" name=\"_wpcf7\" value=\"21889\" \/>\n<input type=\"hidden\" name=\"_wpcf7_version\" value=\"6.0.6\" \/>\n<input type=\"hidden\" name=\"_wpcf7_locale\" value=\"en_US\" \/>\n<input type=\"hidden\" name=\"_wpcf7_unit_tag\" value=\"wpcf7-f21889-o1\" \/>\n<input type=\"hidden\" name=\"_wpcf7_container_post\" value=\"0\" \/>\n<input type=\"hidden\" name=\"_wpcf7_posted_data_hash\" value=\"\" \/>\n<input type=\"hidden\" name=\"_wpcf7dtx_version\" value=\"5.0.3\" \/>\n<input type=\"hidden\" name=\"_wpcf7_recaptcha_response\" value=\"\" \/>\n<\/div>\n<p><iframe loading=\"lazy\" style=\"border: 0px #ffffff none;\" src=\"https:\/\/outlook.office365.com\/owa\/calendar\/CONTECH2023@norbec.com\/bookings\/\" name=\"myiFrame\" width=\"1000px\" height=\"1795px\" frameborder=\"0\" marginwidth=\"0px\" marginheight=\"0px\" scrolling=\"yes\" allowfullscreen=\"allowfullscreen\"><\/iframe>\n<\/p><div class=\"wpcf7-response-output\" aria-hidden=\"true\"><\/div>\n<\/form>\n<\/div>\n\n","protected":false},"excerpt":{"rendered":"<p>Ne tardez pas, r\u00e9servez aupr\u00e8s d\u2019un membre de notre \u00e9quipe :<\/p>\n","protected":false},"author":27,"featured_media":21869,"parent":0,"menu_order":0,"comment_status":"closed","ping_status":"closed","template":"page-templates\/page-landing.php","meta":{"_acf_changed":false,"content-type":"","_monsterinsights_skip_tracking":false,"_monsterinsights_sitenote_active":false,"_monsterinsights_sitenote_note":"","_monsterinsights_sitenote_category":0,"footnotes":""},"class_list":["post-21867","page","type-page","status-publish","has-post-thumbnail","hentry"],"acf":[],"yoast_head":"<!-- This site is optimized with the Yoast SEO plugin v24.8.1 - https:\/\/yoast.com\/wordpress\/plugins\/seo\/ -->\n<title>Norbec sera \u00e0 l\u2019expo Contech B\u00e2timent 2023 - Norbec<\/title>\n<meta name=\"description\" content=\"Nous sommes ravis de vous annoncer que notre \u00e9quipe sera pr\u00e9sente \u00e0 l&#039;Expo Contech B\u00e2timent 2023, qui se tiendra le 9 novembre prochain au Palais des Congr\u00e8s de Montr\u00e9al\" \/>\n<meta name=\"robots\" content=\"index, follow, max-snippet:-1, max-image-preview:large, max-video-preview:-1\" \/>\n<link rel=\"canonical\" href=\"https:\/\/norbec.com\/fr\/reserve-ta-place-contech-2023\/\" \/>\n<meta property=\"og:locale\" content=\"fr_FR\" \/>\n<meta property=\"og:type\" content=\"article\" \/>\n<meta property=\"og:title\" content=\"Norbec sera \u00e0 l\u2019expo Contech B\u00e2timent 2023 - Norbec\" \/>\n<meta property=\"og:description\" content=\"Nous sommes ravis de vous annoncer que notre \u00e9quipe sera pr\u00e9sente \u00e0 l&#039;Expo Contech B\u00e2timent 2023, qui se tiendra le 9 novembre prochain au Palais des Congr\u00e8s de Montr\u00e9al\" \/>\n<meta property=\"og:url\" content=\"https:\/\/norbec.com\/fr\/reserve-ta-place-contech-2023\/\" \/>\n<meta property=\"og:site_name\" content=\"Norbec\" \/>\n<meta property=\"article:modified_time\" content=\"2023-10-20T20:04:02+00:00\" \/>\n<meta property=\"og:image\" content=\"https:\/\/norbec.com\/wp-content\/uploads\/2023\/10\/Contech-2023.png\" \/>\n\t<meta property=\"og:image:width\" content=\"1080\" \/>\n\t<meta property=\"og:image:height\" content=\"1080\" \/>\n\t<meta property=\"og:image:type\" content=\"image\/png\" \/>\n<meta name=\"twitter:card\" content=\"summary_large_image\" \/>\n<meta name=\"twitter:label1\" content=\"Dur\u00e9e de lecture estim\u00e9e\" \/>\n\t<meta name=\"twitter:data1\" content=\"1 minute\" \/>\n<script type=\"application\/ld+json\" class=\"yoast-schema-graph\">{\"@context\":\"https:\/\/schema.org\",\"@graph\":[{\"@type\":\"WebPage\",\"@id\":\"https:\/\/norbec.com\/fr\/reserve-ta-place-contech-2023\/\",\"url\":\"https:\/\/norbec.com\/fr\/reserve-ta-place-contech-2023\/\",\"name\":\"Norbec sera \u00e0 l\u2019expo Contech B\u00e2timent 2023 - Norbec\",\"isPartOf\":{\"@id\":\"https:\/\/norbec.com\/#website\"},\"primaryImageOfPage\":{\"@id\":\"https:\/\/norbec.com\/fr\/reserve-ta-place-contech-2023\/#primaryimage\"},\"image\":{\"@id\":\"https:\/\/norbec.com\/fr\/reserve-ta-place-contech-2023\/#primaryimage\"},\"thumbnailUrl\":\"https:\/\/norbec.com\/wp-content\/uploads\/2023\/10\/Contech-2023.png\",\"datePublished\":\"2023-10-20T19:31:04+00:00\",\"dateModified\":\"2023-10-20T20:04:02+00:00\",\"description\":\"Nous sommes ravis de vous annoncer que notre \u00e9quipe sera pr\u00e9sente \u00e0 l'Expo Contech B\u00e2timent 2023, qui se tiendra le 9 novembre prochain au Palais des Congr\u00e8s de Montr\u00e9al\",\"breadcrumb\":{\"@id\":\"https:\/\/norbec.com\/fr\/reserve-ta-place-contech-2023\/#breadcrumb\"},\"inLanguage\":\"fr-FR\",\"potentialAction\":[{\"@type\":\"ReadAction\",\"target\":[\"https:\/\/norbec.com\/fr\/reserve-ta-place-contech-2023\/\"]}]},{\"@type\":\"ImageObject\",\"inLanguage\":\"fr-FR\",\"@id\":\"https:\/\/norbec.com\/fr\/reserve-ta-place-contech-2023\/#primaryimage\",\"url\":\"https:\/\/norbec.com\/wp-content\/uploads\/2023\/10\/Contech-2023.png\",\"contentUrl\":\"https:\/\/norbec.com\/wp-content\/uploads\/2023\/10\/Contech-2023.png\",\"width\":1080,\"height\":1080},{\"@type\":\"BreadcrumbList\",\"@id\":\"https:\/\/norbec.com\/fr\/reserve-ta-place-contech-2023\/#breadcrumb\",\"itemListElement\":[{\"@type\":\"ListItem\",\"position\":1,\"name\":\"Home\",\"item\":\"https:\/\/norbec.com\/fr\/\"},{\"@type\":\"ListItem\",\"position\":2,\"name\":\"Norbec sera \u00e0 l\u2019expo Contech B\u00e2timent 2023\"}]},{\"@type\":\"WebSite\",\"@id\":\"https:\/\/norbec.com\/#website\",\"url\":\"https:\/\/norbec.com\/\",\"name\":\"Norbec\",\"description\":\"Norbec\",\"publisher\":{\"@id\":\"https:\/\/norbec.com\/#organization\"},\"potentialAction\":[{\"@type\":\"SearchAction\",\"target\":{\"@type\":\"EntryPoint\",\"urlTemplate\":\"https:\/\/norbec.com\/?s={search_term_string}\"},\"query-input\":{\"@type\":\"PropertyValueSpecification\",\"valueRequired\":true,\"valueName\":\"search_term_string\"}}],\"inLanguage\":\"fr-FR\"},{\"@type\":\"Organization\",\"@id\":\"https:\/\/norbec.com\/#organization\",\"name\":\"Norbec\",\"url\":\"https:\/\/norbec.com\/\",\"logo\":{\"@type\":\"ImageObject\",\"inLanguage\":\"fr-FR\",\"@id\":\"https:\/\/norbec.com\/#\/schema\/logo\/image\/\",\"url\":\"https:\/\/norbec.com\/wp-content\/uploads\/2018\/03\/logo-norbec.png\",\"contentUrl\":\"https:\/\/norbec.com\/wp-content\/uploads\/2018\/03\/logo-norbec.png\",\"width\":300,\"height\":65,\"caption\":\"Norbec\"},\"image\":{\"@id\":\"https:\/\/norbec.com\/#\/schema\/logo\/image\/\"}}]}<\/script>\n<!-- \/ Yoast SEO plugin. -->","yoast_head_json":{"title":"Norbec sera \u00e0 l\u2019expo Contech B\u00e2timent 2023 - Norbec","description":"Nous sommes ravis de vous annoncer que notre \u00e9quipe sera pr\u00e9sente \u00e0 l'Expo Contech B\u00e2timent 2023, qui se tiendra le 9 novembre prochain au Palais des Congr\u00e8s de Montr\u00e9al","robots":{"index":"index","follow":"follow","max-snippet":"max-snippet:-1","max-image-preview":"max-image-preview:large","max-video-preview":"max-video-preview:-1"},"canonical":"https:\/\/norbec.com\/fr\/reserve-ta-place-contech-2023\/","og_locale":"fr_FR","og_type":"article","og_title":"Norbec sera \u00e0 l\u2019expo Contech B\u00e2timent 2023 - Norbec","og_description":"Nous sommes ravis de vous annoncer que notre \u00e9quipe sera pr\u00e9sente \u00e0 l'Expo Contech B\u00e2timent 2023, qui se tiendra le 9 novembre prochain au Palais des Congr\u00e8s de Montr\u00e9al","og_url":"https:\/\/norbec.com\/fr\/reserve-ta-place-contech-2023\/","og_site_name":"Norbec","article_modified_time":"2023-10-20T20:04:02+00:00","og_image":[{"width":1080,"height":1080,"url":"https:\/\/norbec.com\/wp-content\/uploads\/2023\/10\/Contech-2023.png","type":"image\/png"}],"twitter_card":"summary_large_image","twitter_misc":{"Dur\u00e9e de lecture estim\u00e9e":"1 minute"},"schema":{"@context":"https:\/\/schema.org","@graph":[{"@type":"WebPage","@id":"https:\/\/norbec.com\/fr\/reserve-ta-place-contech-2023\/","url":"https:\/\/norbec.com\/fr\/reserve-ta-place-contech-2023\/","name":"Norbec sera \u00e0 l\u2019expo Contech B\u00e2timent 2023 - Norbec","isPartOf":{"@id":"https:\/\/norbec.com\/#website"},"primaryImageOfPage":{"@id":"https:\/\/norbec.com\/fr\/reserve-ta-place-contech-2023\/#primaryimage"},"image":{"@id":"https:\/\/norbec.com\/fr\/reserve-ta-place-contech-2023\/#primaryimage"},"thumbnailUrl":"https:\/\/norbec.com\/wp-content\/uploads\/2023\/10\/Contech-2023.png","datePublished":"2023-10-20T19:31:04+00:00","dateModified":"2023-10-20T20:04:02+00:00","description":"Nous sommes ravis de vous annoncer que notre \u00e9quipe sera pr\u00e9sente \u00e0 l'Expo Contech B\u00e2timent 2023, qui se tiendra le 9 novembre prochain au Palais des Congr\u00e8s de Montr\u00e9al","breadcrumb":{"@id":"https:\/\/norbec.com\/fr\/reserve-ta-place-contech-2023\/#breadcrumb"},"inLanguage":"fr-FR","potentialAction":[{"@type":"ReadAction","target":["https:\/\/norbec.com\/fr\/reserve-ta-place-contech-2023\/"]}]},{"@type":"ImageObject","inLanguage":"fr-FR","@id":"https:\/\/norbec.com\/fr\/reserve-ta-place-contech-2023\/#primaryimage","url":"https:\/\/norbec.com\/wp-content\/uploads\/2023\/10\/Contech-2023.png","contentUrl":"https:\/\/norbec.com\/wp-content\/uploads\/2023\/10\/Contech-2023.png","width":1080,"height":1080},{"@type":"BreadcrumbList","@id":"https:\/\/norbec.com\/fr\/reserve-ta-place-contech-2023\/#breadcrumb","itemListElement":[{"@type":"ListItem","position":1,"name":"Home","item":"https:\/\/norbec.com\/fr\/"},{"@type":"ListItem","position":2,"name":"Norbec sera \u00e0 l\u2019expo Contech B\u00e2timent 2023"}]},{"@type":"WebSite","@id":"https:\/\/norbec.com\/#website","url":"https:\/\/norbec.com\/","name":"Norbec","description":"Norbec","publisher":{"@id":"https:\/\/norbec.com\/#organization"},"potentialAction":[{"@type":"SearchAction","target":{"@type":"EntryPoint","urlTemplate":"https:\/\/norbec.com\/?s={search_term_string}"},"query-input":{"@type":"PropertyValueSpecification","valueRequired":true,"valueName":"search_term_string"}}],"inLanguage":"fr-FR"},{"@type":"Organization","@id":"https:\/\/norbec.com\/#organization","name":"Norbec","url":"https:\/\/norbec.com\/","logo":{"@type":"ImageObject","inLanguage":"fr-FR","@id":"https:\/\/norbec.com\/#\/schema\/logo\/image\/","url":"https:\/\/norbec.com\/wp-content\/uploads\/2018\/03\/logo-norbec.png","contentUrl":"https:\/\/norbec.com\/wp-content\/uploads\/2018\/03\/logo-norbec.png","width":300,"height":65,"caption":"Norbec"},"image":{"@id":"https:\/\/norbec.com\/#\/schema\/logo\/image\/"}}]}},"_links":{"self":[{"href":"https:\/\/norbec.com\/fr\/wp-json\/wp\/v2\/pages\/21867","targetHints":{"allow":["GET"]}}],"collection":[{"href":"https:\/\/norbec.com\/fr\/wp-json\/wp\/v2\/pages"}],"about":[{"href":"https:\/\/norbec.com\/fr\/wp-json\/wp\/v2\/types\/page"}],"author":[{"embeddable":true,"href":"https:\/\/norbec.com\/fr\/wp-json\/wp\/v2\/users\/27"}],"replies":[{"embeddable":true,"href":"https:\/\/norbec.com\/fr\/wp-json\/wp\/v2\/comments?post=21867"}],"version-history":[{"count":19,"href":"https:\/\/norbec.com\/fr\/wp-json\/wp\/v2\/pages\/21867\/revisions"}],"predecessor-version":[{"id":21896,"href":"https:\/\/norbec.com\/fr\/wp-json\/wp\/v2\/pages\/21867\/revisions\/21896"}],"wp:featuredmedia":[{"embeddable":true,"href":"https:\/\/norbec.com\/fr\/wp-json\/wp\/v2\/media\/21869"}],"wp:attachment":[{"href":"https:\/\/norbec.com\/fr\/wp-json\/wp\/v2\/media?parent=21867"}],"curies":[{"name":"wp","href":"https:\/\/api.w.org\/{rel}","templated":true}]}}