{"id":28457,"date":"2025-04-29T08:00:00","date_gmt":"2025-04-29T12:00:00","guid":{"rendered":"https:\/\/norbec.com\/?post_type=project&#038;p=28457"},"modified":"2025-05-05T16:24:08","modified_gmt":"2025-05-05T20:24:08","slug":"ecoparc-saint-bruno-en-images","status":"publish","type":"project","link":"https:\/\/norbec.com\/fr\/projet\/ecoparc-saint-bruno-en-images\/","title":{"rendered":"\u00c9coparc Saint-Bruno en Images"},"content":{"rendered":"\n<p><strong>Innovation et Durabilit\u00e9 : L&rsquo;\u00c9coparc Saint-Bruno en Images<\/strong><\/p>\n\n\n\n<p>Nous sommes fiers de vous pr\u00e9senter notre galerie de projets mettant en lumi\u00e8re l&rsquo;\u00c9coparc Saint-Bruno, un complexe industriel de 1,6 million de pieds carr\u00e9s r\u00e9partis sur deux b\u00e2timents \u00e9cologiques visant la carboneutralit\u00e9. Ce campus offre des espaces verts soigneusement am\u00e9nag\u00e9s, cr\u00e9ant un environnement de travail sain et productif pour ses occupants. Situ\u00e9 strat\u00e9giquement \u00e0 proximit\u00e9 des grandes villes et des principales infrastructures de transport, l&rsquo;\u00c9coparc Saint-Bruno facilite la logistique et l&rsquo;accessibilit\u00e9 pour les entreprises. Engag\u00e9 envers l&rsquo;environnement, le projet vise la certification LEED Or et une r\u00e9duction de 97 % des \u00e9missions de GES li\u00e9es \u00e0 l&rsquo;\u00e9nergie. D\u00e9couvrez comment les panneaux m\u00e9talliques isolants <a href=\"https:\/\/norbec.com\/fr\/produit\/panneau-architectural-norex-l-h\/\">Norex<\/a> ont contribu\u00e9s \u00e0 la r\u00e9alisation de ce projet d&rsquo;envergure.\u200b<\/p>\n\n\n\n<p><strong>Des Panneaux Norbec au C\u0153ur d\u2019une Construction Durable<\/strong><\/p>\n\n\n\n<p>Les panneaux <a href=\"https:\/\/norbec.com\/fr\/produit\/panneau-architectural-norex-l-h\/\">Norex-L<\/a> de Norbec ont jou\u00e9 un r\u00f4le cl\u00e9 dans la construction de l\u2019\u00c9coparc Saint-Bruno. Leur isolation performante, leur durabilit\u00e9 et leur finition soign\u00e9e ont permis de cr\u00e9er une enveloppe robuste et \u00e9co\u00e9nerg\u00e9tique. Leur design moderne, avec un ext\u00e9rieur gris et un int\u00e9rieur lumineux, s\u2019int\u00e8gre parfaitement \u00e0 l\u2019architecture du projet.<\/p>\n\n\n\n<p><strong>Un Engagement Concret pour un Avenir Durable<\/strong><\/p>\n\n\n\n<p>L\u2019\u00c9coparc Saint-Bruno, d\u00e9velopp\u00e9 par le <a href=\"https:\/\/groupemontoni.com\/fr\">Groupe Montoni<\/a>, est un mod\u00e8le d\u2019architecture durable qui int\u00e8gre des solutions innovantes pour minimiser son impact environnemental. Con\u00e7u pour atteindre les plus hauts standards en mati\u00e8re d\u2019\u00e9coconstruction, il mise sur des initiatives telles que la plus grande toiture v\u00e9g\u00e9talis\u00e9e priv\u00e9e au pays, qui favorise la biodiversit\u00e9 et r\u00e9duit les \u00eelots de chaleur. L\u2019int\u00e9gration de panneaux solaires et un syst\u00e8me de gestion optimis\u00e9 de l\u2019eau renforcent son engagement envers la carboneutralit\u00e9. Plus qu\u2019un simple espace industriel, l\u2019\u00c9coparc repr\u00e9sente une vision d\u2019avenir o\u00f9 performance et responsabilit\u00e9 environnementale vont de pair.<\/p>\n\n\n\n<p><strong>\u00c0 propos du Groupe Montoni<\/strong><\/p>\n\n\n\n<p><a>Le <\/a><a href=\"https:\/\/groupemontoni.com\/fr\">Groupe Montoni<\/a>\u00a0est un leader de l\u2019immobilier au Qu\u00e9bec, reconnu pour ses projets durables et innovants. Avec l\u2019\u00c9coparc Saint-Bruno, il fa\u00e7onne l\u2019avenir du secteur en int\u00e9grant des solutions \u00e9coresponsables alliant performance, fonctionnalit\u00e9 et respect de l\u2019environnement.<\/p>\n\n\n\n<hr class=\"wp-block-separator has-alpha-channel-opacity\"\/>\n\n\n\n<p><\/p>\n\n\n\n<p><a id=\"_msocom_1\"><\/a><\/p>\n\n\n\n<p><\/p>\n","protected":false},"excerpt":{"rendered":"<p>Innovation et Durabilit\u00e9 : L&rsquo;\u00c9coparc Saint-Bruno en Images Nous sommes fiers de vous pr\u00e9senter notre galerie de projets mettant en lumi\u00e8re l&rsquo;\u00c9coparc Saint-Bruno, un complexe industriel de 1,6 million de [&hellip;]<\/p>\n","protected":false},"author":27,"featured_media":28479,"menu_order":0,"comment_status":"open","ping_status":"open","template":"","format":"standard","meta":{"_acf_changed":false,"content-type":"","_monsterinsights_skip_tracking":false,"_monsterinsights_sitenote_active":false,"_monsterinsights_sitenote_note":"","_monsterinsights_sitenote_category":0,"footnotes":""},"projet_filtre_01":[177],"projet_filtre_02":[183,211],"projet_filtre_03":[188,205],"class_list":["post-28457","project","type-project","status-publish","format-standard","has-post-thumbnail","hentry","projet_filtre_01-building-envelope-fr","projet_filtre_02-norex-l-fr","projet_filtre_02-noroc","projet_filtre_03-commercial-fr","projet_filtre_03-industrial-fr"],"acf":[],"yoast_head":"<!-- This site is optimized with the Yoast SEO plugin v24.8.1 - https:\/\/yoast.com\/wordpress\/plugins\/seo\/ -->\n<title>\u00c9coparc Saint-Bruno en Images - Galerie de Projet - Norbec<\/title>\n<meta name=\"description\" content=\"Nous sommes fiers de vous pr\u00e9senter notre galerie de projets mettant en lumi\u00e8re l&#039;\u00c9coparc Saint-Bruno, un complexe industriel de 1,6 million de pieds carr\u00e9s r\u00e9partis sur deux b\u00e2timents \u00e9cologiques visant la carboneutralit\u00e9\" \/>\n<meta name=\"robots\" content=\"index, follow, max-snippet:-1, max-image-preview:large, max-video-preview:-1\" \/>\n<link rel=\"canonical\" href=\"https:\/\/norbec.com\/fr\/projet\/ecoparc-saint-bruno-en-images\/\" \/>\n<meta property=\"og:locale\" content=\"fr_FR\" \/>\n<meta property=\"og:type\" content=\"article\" \/>\n<meta property=\"og:title\" content=\"\u00c9coparc Saint-Bruno en Images - Galerie de Projet - Norbec\" \/>\n<meta property=\"og:description\" content=\"Nous sommes fiers de vous pr\u00e9senter notre galerie de projets mettant en lumi\u00e8re l&#039;\u00c9coparc Saint-Bruno, un complexe industriel de 1,6 million de pieds carr\u00e9s r\u00e9partis sur deux b\u00e2timents \u00e9cologiques visant la carboneutralit\u00e9\" \/>\n<meta property=\"og:url\" content=\"https:\/\/norbec.com\/fr\/projet\/ecoparc-saint-bruno-en-images\/\" \/>\n<meta property=\"og:site_name\" content=\"Norbec\" \/>\n<meta property=\"article:modified_time\" content=\"2025-05-05T20:24:08+00:00\" \/>\n<meta property=\"og:image\" content=\"https:\/\/norbec.com\/wp-content\/uploads\/2025\/04\/JPEG-LR-ECOPARC-17-1.jpg\" \/>\n\t<meta property=\"og:image:width\" content=\"1000\" \/>\n\t<meta property=\"og:image:height\" content=\"667\" \/>\n\t<meta property=\"og:image:type\" content=\"image\/jpeg\" \/>\n<meta name=\"twitter:card\" content=\"summary_large_image\" \/>\n<meta name=\"twitter:label1\" content=\"Dur\u00e9e de lecture estim\u00e9e\" \/>\n\t<meta name=\"twitter:data1\" content=\"5 minutes\" \/>\n<script type=\"application\/ld+json\" class=\"yoast-schema-graph\">{\"@context\":\"https:\/\/schema.org\",\"@graph\":[{\"@type\":\"WebPage\",\"@id\":\"https:\/\/norbec.com\/fr\/projet\/ecoparc-saint-bruno-en-images\/\",\"url\":\"https:\/\/norbec.com\/fr\/projet\/ecoparc-saint-bruno-en-images\/\",\"name\":\"\u00c9coparc Saint-Bruno en Images - Galerie de Projet - Norbec\",\"isPartOf\":{\"@id\":\"https:\/\/norbec.com\/#website\"},\"primaryImageOfPage\":{\"@id\":\"https:\/\/norbec.com\/fr\/projet\/ecoparc-saint-bruno-en-images\/#primaryimage\"},\"image\":{\"@id\":\"https:\/\/norbec.com\/fr\/projet\/ecoparc-saint-bruno-en-images\/#primaryimage\"},\"thumbnailUrl\":\"https:\/\/norbec.com\/wp-content\/uploads\/2025\/04\/JPEG-LR-ECOPARC-17-1.jpg\",\"datePublished\":\"2025-04-29T12:00:00+00:00\",\"dateModified\":\"2025-05-05T20:24:08+00:00\",\"description\":\"Nous sommes fiers de vous pr\u00e9senter notre galerie de projets mettant en lumi\u00e8re l'\u00c9coparc Saint-Bruno, un complexe industriel de 1,6 million de pieds carr\u00e9s r\u00e9partis sur deux b\u00e2timents \u00e9cologiques visant la carboneutralit\u00e9\",\"breadcrumb\":{\"@id\":\"https:\/\/norbec.com\/fr\/projet\/ecoparc-saint-bruno-en-images\/#breadcrumb\"},\"inLanguage\":\"fr-FR\",\"potentialAction\":[{\"@type\":\"ReadAction\",\"target\":[\"https:\/\/norbec.com\/fr\/projet\/ecoparc-saint-bruno-en-images\/\"]}]},{\"@type\":\"ImageObject\",\"inLanguage\":\"fr-FR\",\"@id\":\"https:\/\/norbec.com\/fr\/projet\/ecoparc-saint-bruno-en-images\/#primaryimage\",\"url\":\"https:\/\/norbec.com\/wp-content\/uploads\/2025\/04\/JPEG-LR-ECOPARC-17-1.jpg\",\"contentUrl\":\"https:\/\/norbec.com\/wp-content\/uploads\/2025\/04\/JPEG-LR-ECOPARC-17-1.jpg\",\"width\":1000,\"height\":667},{\"@type\":\"BreadcrumbList\",\"@id\":\"https:\/\/norbec.com\/fr\/projet\/ecoparc-saint-bruno-en-images\/#breadcrumb\",\"itemListElement\":[{\"@type\":\"ListItem\",\"position\":1,\"name\":\"Home\",\"item\":\"https:\/\/norbec.com\/fr\/\"},{\"@type\":\"ListItem\",\"position\":2,\"name\":\"\u00c9coparc Saint-Bruno en Images\"}]},{\"@type\":\"WebSite\",\"@id\":\"https:\/\/norbec.com\/#website\",\"url\":\"https:\/\/norbec.com\/\",\"name\":\"Norbec\",\"description\":\"Norbec\",\"publisher\":{\"@id\":\"https:\/\/norbec.com\/#organization\"},\"potentialAction\":[{\"@type\":\"SearchAction\",\"target\":{\"@type\":\"EntryPoint\",\"urlTemplate\":\"https:\/\/norbec.com\/?s={search_term_string}\"},\"query-input\":{\"@type\":\"PropertyValueSpecification\",\"valueRequired\":true,\"valueName\":\"search_term_string\"}}],\"inLanguage\":\"fr-FR\"},{\"@type\":\"Organization\",\"@id\":\"https:\/\/norbec.com\/#organization\",\"name\":\"Norbec\",\"url\":\"https:\/\/norbec.com\/\",\"logo\":{\"@type\":\"ImageObject\",\"inLanguage\":\"fr-FR\",\"@id\":\"https:\/\/norbec.com\/#\/schema\/logo\/image\/\",\"url\":\"https:\/\/norbec.com\/wp-content\/uploads\/2018\/03\/logo-norbec.png\",\"contentUrl\":\"https:\/\/norbec.com\/wp-content\/uploads\/2018\/03\/logo-norbec.png\",\"width\":300,\"height\":65,\"caption\":\"Norbec\"},\"image\":{\"@id\":\"https:\/\/norbec.com\/#\/schema\/logo\/image\/\"}}]}<\/script>\n<!-- \/ Yoast SEO plugin. -->","yoast_head_json":{"title":"\u00c9coparc Saint-Bruno en Images - Galerie de Projet - Norbec","description":"Nous sommes fiers de vous pr\u00e9senter notre galerie de projets mettant en lumi\u00e8re l'\u00c9coparc Saint-Bruno, un complexe industriel de 1,6 million de pieds carr\u00e9s r\u00e9partis sur deux b\u00e2timents \u00e9cologiques visant la carboneutralit\u00e9","robots":{"index":"index","follow":"follow","max-snippet":"max-snippet:-1","max-image-preview":"max-image-preview:large","max-video-preview":"max-video-preview:-1"},"canonical":"https:\/\/norbec.com\/fr\/projet\/ecoparc-saint-bruno-en-images\/","og_locale":"fr_FR","og_type":"article","og_title":"\u00c9coparc Saint-Bruno en Images - Galerie de Projet - Norbec","og_description":"Nous sommes fiers de vous pr\u00e9senter notre galerie de projets mettant en lumi\u00e8re l'\u00c9coparc Saint-Bruno, un complexe industriel de 1,6 million de pieds carr\u00e9s r\u00e9partis sur deux b\u00e2timents \u00e9cologiques visant la carboneutralit\u00e9","og_url":"https:\/\/norbec.com\/fr\/projet\/ecoparc-saint-bruno-en-images\/","og_site_name":"Norbec","article_modified_time":"2025-05-05T20:24:08+00:00","og_image":[{"width":1000,"height":667,"url":"https:\/\/norbec.com\/wp-content\/uploads\/2025\/04\/JPEG-LR-ECOPARC-17-1.jpg","type":"image\/jpeg"}],"twitter_card":"summary_large_image","twitter_misc":{"Dur\u00e9e de lecture estim\u00e9e":"5 minutes"},"schema":{"@context":"https:\/\/schema.org","@graph":[{"@type":"WebPage","@id":"https:\/\/norbec.com\/fr\/projet\/ecoparc-saint-bruno-en-images\/","url":"https:\/\/norbec.com\/fr\/projet\/ecoparc-saint-bruno-en-images\/","name":"\u00c9coparc Saint-Bruno en Images - Galerie de Projet - Norbec","isPartOf":{"@id":"https:\/\/norbec.com\/#website"},"primaryImageOfPage":{"@id":"https:\/\/norbec.com\/fr\/projet\/ecoparc-saint-bruno-en-images\/#primaryimage"},"image":{"@id":"https:\/\/norbec.com\/fr\/projet\/ecoparc-saint-bruno-en-images\/#primaryimage"},"thumbnailUrl":"https:\/\/norbec.com\/wp-content\/uploads\/2025\/04\/JPEG-LR-ECOPARC-17-1.jpg","datePublished":"2025-04-29T12:00:00+00:00","dateModified":"2025-05-05T20:24:08+00:00","description":"Nous sommes fiers de vous pr\u00e9senter notre galerie de projets mettant en lumi\u00e8re l'\u00c9coparc Saint-Bruno, un complexe industriel de 1,6 million de pieds carr\u00e9s r\u00e9partis sur deux b\u00e2timents \u00e9cologiques visant la carboneutralit\u00e9","breadcrumb":{"@id":"https:\/\/norbec.com\/fr\/projet\/ecoparc-saint-bruno-en-images\/#breadcrumb"},"inLanguage":"fr-FR","potentialAction":[{"@type":"ReadAction","target":["https:\/\/norbec.com\/fr\/projet\/ecoparc-saint-bruno-en-images\/"]}]},{"@type":"ImageObject","inLanguage":"fr-FR","@id":"https:\/\/norbec.com\/fr\/projet\/ecoparc-saint-bruno-en-images\/#primaryimage","url":"https:\/\/norbec.com\/wp-content\/uploads\/2025\/04\/JPEG-LR-ECOPARC-17-1.jpg","contentUrl":"https:\/\/norbec.com\/wp-content\/uploads\/2025\/04\/JPEG-LR-ECOPARC-17-1.jpg","width":1000,"height":667},{"@type":"BreadcrumbList","@id":"https:\/\/norbec.com\/fr\/projet\/ecoparc-saint-bruno-en-images\/#breadcrumb","itemListElement":[{"@type":"ListItem","position":1,"name":"Home","item":"https:\/\/norbec.com\/fr\/"},{"@type":"ListItem","position":2,"name":"\u00c9coparc Saint-Bruno en Images"}]},{"@type":"WebSite","@id":"https:\/\/norbec.com\/#website","url":"https:\/\/norbec.com\/","name":"Norbec","description":"Norbec","publisher":{"@id":"https:\/\/norbec.com\/#organization"},"potentialAction":[{"@type":"SearchAction","target":{"@type":"EntryPoint","urlTemplate":"https:\/\/norbec.com\/?s={search_term_string}"},"query-input":{"@type":"PropertyValueSpecification","valueRequired":true,"valueName":"search_term_string"}}],"inLanguage":"fr-FR"},{"@type":"Organization","@id":"https:\/\/norbec.com\/#organization","name":"Norbec","url":"https:\/\/norbec.com\/","logo":{"@type":"ImageObject","inLanguage":"fr-FR","@id":"https:\/\/norbec.com\/#\/schema\/logo\/image\/","url":"https:\/\/norbec.com\/wp-content\/uploads\/2018\/03\/logo-norbec.png","contentUrl":"https:\/\/norbec.com\/wp-content\/uploads\/2018\/03\/logo-norbec.png","width":300,"height":65,"caption":"Norbec"},"image":{"@id":"https:\/\/norbec.com\/#\/schema\/logo\/image\/"}}]}},"_links":{"self":[{"href":"https:\/\/norbec.com\/fr\/wp-json\/wp\/v2\/project\/28457","targetHints":{"allow":["GET"]}}],"collection":[{"href":"https:\/\/norbec.com\/fr\/wp-json\/wp\/v2\/project"}],"about":[{"href":"https:\/\/norbec.com\/fr\/wp-json\/wp\/v2\/types\/project"}],"author":[{"embeddable":true,"href":"https:\/\/norbec.com\/fr\/wp-json\/wp\/v2\/users\/27"}],"replies":[{"embeddable":true,"href":"https:\/\/norbec.com\/fr\/wp-json\/wp\/v2\/comments?post=28457"}],"version-history":[{"count":8,"href":"https:\/\/norbec.com\/fr\/wp-json\/wp\/v2\/project\/28457\/revisions"}],"predecessor-version":[{"id":28567,"href":"https:\/\/norbec.com\/fr\/wp-json\/wp\/v2\/project\/28457\/revisions\/28567"}],"wp:featuredmedia":[{"embeddable":true,"href":"https:\/\/norbec.com\/fr\/wp-json\/wp\/v2\/media\/28479"}],"wp:attachment":[{"href":"https:\/\/norbec.com\/fr\/wp-json\/wp\/v2\/media?parent=28457"}],"wp:term":[{"taxonomy":"projet_filtre_01","embeddable":true,"href":"https:\/\/norbec.com\/fr\/wp-json\/wp\/v2\/projet_filtre_01?post=28457"},{"taxonomy":"projet_filtre_02","embeddable":true,"href":"https:\/\/norbec.com\/fr\/wp-json\/wp\/v2\/projet_filtre_02?post=28457"},{"taxonomy":"projet_filtre_03","embeddable":true,"href":"https:\/\/norbec.com\/fr\/wp-json\/wp\/v2\/projet_filtre_03?post=28457"}],"curies":[{"name":"wp","href":"https:\/\/api.w.org\/{rel}","templated":true}]}}